{"id":37192,"date":"2026-04-28T23:35:25","date_gmt":"2026-04-28T21:35:25","guid":{"rendered":"https:\/\/houno.com\/products\/invoq-minicombi-oven-stand\/"},"modified":"2026-04-29T02:27:53","modified_gmt":"2026-04-29T00:27:53","slug":"invoq-minicombi-oven-support","status":"publish","type":"combi-ovens","link":"https:\/\/houno.com\/fr\/products\/invoq-minicombi-oven-support\/","title":{"rendered":"Support Invoq miniCombi"},"content":{"rendered":"\n<div class=\"wp-block-columns is-layout-flex wp-container-core-columns-is-layout-9d6595d7 wp-block-columns-is-layout-flex\" id=\"benefits\">\n<div class=\"wp-block-column is-layout-flow wp-block-column-is-layout-flow\" style=\"flex-basis:33.34%\"><div class=\"wp-text-block page_container styled-text\"><div class=\"wp-text-block__inner\">\n<h3 class=\"wp-block-heading\" id=\"h-work-smarter-not-lower\">Travaillez plus intelligemment, sans vous baisser <\/h3>\n<\/div><\/div>\n\n<div class=\"wp-text-block page_container styled-text\"><div class=\"wp-text-block__inner\">\n<p>Installer votre Invoq miniCombi sur un support d\u00e9di\u00e9 garantit une position de travail confortable pour le chargement et le d\u00e9chargement. Cela r\u00e9duit la fatigue pendant les heures de service intense et contribue \u00e0 un flux de travail plus fluide et efficace. <\/p>\n<\/div><\/div><\/div>\n\n\n\n<div class=\"wp-block-column is-layout-flow wp-block-column-is-layout-flow\" style=\"flex-basis:33.34%\"><div class=\"wp-text-block page_container styled-text\"><div class=\"wp-text-block__inner\">\n<h3 class=\"wp-block-heading\" id=\"h-built-in-storage-built-for-speed\">Rangement int\u00e9gr\u00e9, efficacit\u00e9 maximale <\/h3>\n<\/div><\/div>\n\n<div class=\"wp-text-block page_container styled-text\"><div class=\"wp-text-block__inner\">\n<p>Le support int\u00e8gre un syst\u00e8me de racks offrant un espace de rangement pratique pour les plaques et grilles, directement \u00e0 port\u00e9e de main. Gardez tout \u00e0 proximit\u00e9 pour limiter les d\u00e9placements inutiles, optimiser le temps de pr\u00e9paration et maintenir un espace de travail propre et organis\u00e9. <\/p>\n<\/div><\/div><\/div>\n\n\n\n<div class=\"wp-block-column is-layout-flow wp-block-column-is-layout-flow\" style=\"flex-basis:33.33%\"><div class=\"wp-text-block page_container styled-text\"><div class=\"wp-text-block__inner\">\n<h3 class=\"wp-block-heading\" id=\"h-stability-you-can-rely-on\">Une stabilit\u00e9 fiable <\/h3>\n<\/div><\/div>\n\n<div class=\"wp-text-block page_container styled-text\"><div class=\"wp-text-block__inner\">\n<p>Gr\u00e2ce \u00e0 ses pieds r\u00e9glables (+0\u201360 mm), le support s\u2019adapte \u00e0 votre environnement de cuisine et garantit une stabilit\u00e9 optimale ainsi qu\u2019une utilisation en toute s\u00e9curit\u00e9, m\u00eame sur des surfaces irr\u00e9guli\u00e8res.<\/p>\n<\/div><\/div><\/div>\n<\/div>\n\n<section class=\"wp-block-morningtrain-separator mtt-separator undefined spacing_top_104 spacing_bottom_104\"><div class=\"mtt-separator__border page_container\"><\/div><\/section>\n\n<div class=\"wp-block-columns is-layout-flex wp-container-core-columns-is-layout-9d6595d7 wp-block-columns-is-layout-flex\">\n<div class=\"wp-block-column is-layout-flow wp-block-column-is-layout-flow\" style=\"flex-basis:10%\"><\/div>\n\n\n\n<div class=\"wp-block-column is-layout-flow wp-block-column-is-layout-flow\" style=\"flex-basis:70%\" id=\"specifications\"><div class=\"wp-text-block page_container styled-text\"><div class=\"wp-text-block__inner\">\n<h3 class=\"wp-block-heading\">Sp\u00e9cifications <\/h3>\n<\/div><\/div>\n\n<div class=\"wp-text-block page_container styled-text\"><div class=\"wp-text-block__inner\">\n<ul class=\"wp-block-list has-medium-font-size\">\n<li>Hauteur : 809 mm <\/li>\n\n\n\n<li>Profondeur : 515 mm <\/li>\n\n\n\n<li>Largeur : 786 mm <\/li>\n\n\n\n<li>Pieds r\u00e9glables : +0\u201360 mm <\/li>\n\n\n\n<li>Inclus : 1 rack de rangement pour plaques <\/li>\n<\/ul>\n<\/div><\/div><\/div>\n\n\n\n<div class=\"wp-block-column is-layout-flow wp-block-column-is-layout-flow\" style=\"flex-basis:20%\"><\/div>\n<\/div>\n\n<div style=\"height:120px\" aria-hidden=\"true\" class=\"wp-block-spacer\"><\/div>\n\n<div class=\"wp-block-columns is-layout-flex wp-container-core-columns-is-layout-9d6595d7 wp-block-columns-is-layout-flex\" id=\"oven-models-options\">\n<div class=\"wp-block-column is-layout-flow wp-block-column-is-layout-flow\">\n\t<section class=\"mtt-combi-ovens-slider spacing_top_104 spacing_bottom_80 spacing-classes-added\">\n\t\t<div class=\"mtt-combi-ovens-slider__inner page_container\">\n\n\t\t\t<div class=\"loader mtt-combi-ovens-slider__loader\"><div class=\"loader__inner\"><\/div><\/div>\n\n\t\t\t\n<div class=\"mtt-filter mtt-combi-ovens-slider__filter\">\n\n    <div class=\"mtt-filter__container\">\n                    <h2 class=\"mtt-filter__title\">D\u00e9couvrez nos mod\u00e8les de fours et leurs options<\/h2>\n            <\/div>\n    \n    <div class=\"mtt-filter__container\">\n\n        \n                    <div class=\"mtt-filter__arrows slider-arrow-wrap\">\n                                    <a href=\"https:\/\/houno.com\/fr\/fours-combines\/\" class=\"mtt-filter__button\">Voir tous<\/a>\n                                                    <div class=\"swiper-button-prev\"><\/div>\n                    <div class=\"swiper-button-next\"><\/div>\n                            <\/div>\n        \n    <\/div>\n\n<\/div>\n\t\t\t<div class=\"mtt-combi-ovens-slider__target\">\n\t\t\t\t<div class=\"swiper-container\">\n\t\t\t\t\t<div class=\"swiper-wrapper\">\n\t\t\t\t\t\t\n<a href=\"https:\/\/houno.com\/fr\/products\/support-invoq-minicombi-oven-stackit\/\" class=\"mtt-product-card combi-oven swiper-slide\">\n    <div class=\"mtt-product-card__content\">\n\n        <div class=\"mtt-product-card__brand\">\n                    <\/div>\n\n        <div class=\"mtt-product-card__image\">\n            <img decoding=\"async\" src=\"https:\/\/houno.com\/wp-content\/uploads\/2026\/04\/Invoq-miniCombi-Stackit-Stand--300x246.png\" data-full=\"https:\/\/houno.com\/wp-content\/uploads\/2026\/04\/Invoq-miniCombi-Stackit-Stand--400x328.png\" alt=\"Support Invoq miniCombi Stackit\" lazy-load>\n        <\/div>\n\n        <div class=\"mtt-product-card__text-wrap\">\n            <div class=\"mtt-product-card__title\">\n                Support Invoq miniCombi Stackit            <\/div>\n        <\/div>\n\n    <\/div>\n<\/a>\n<a href=\"https:\/\/houno.com\/fr\/products\/invoq-minicombi-6-1-1-gn\/\" class=\"mtt-product-card combi-oven swiper-slide\">\n    <div class=\"mtt-product-card__content\">\n\n        <div class=\"mtt-product-card__brand\">\n                    <\/div>\n\n        <div class=\"mtt-product-card__image\">\n            <img decoding=\"async\" src=\"https:\/\/houno.com\/wp-content\/uploads\/2025\/10\/MiniCombi_6-1_view001_transparent_no-shadow-scaled-300x169.png\" data-full=\"https:\/\/houno.com\/wp-content\/uploads\/2025\/10\/MiniCombi_6-1_view001_transparent_no-shadow-scaled-400x225.png\" alt=\"Invoq miniCombi 6-1\/1 GN ideal for caf\u00e9s, take-away and compact kitchens, offering versatile cooking with full combi oven functionality\" lazy-load>\n        <\/div>\n\n        <div class=\"mtt-product-card__text-wrap\">\n            <div class=\"mtt-product-card__title\">\n                Invoq miniCombi 6-1\/1 GN            <\/div>\n        <\/div>\n\n    <\/div>\n<\/a>\n<a href=\"https:\/\/houno.com\/fr\/products\/invoq-minicombi-10-1-1-gn\/\" class=\"mtt-product-card combi-oven swiper-slide\">\n    <div class=\"mtt-product-card__content\">\n\n        <div class=\"mtt-product-card__brand\">\n                    <\/div>\n\n        <div class=\"mtt-product-card__image\">\n            <img decoding=\"async\" src=\"https:\/\/houno.com\/wp-content\/uploads\/2025\/10\/MiniCombi_10-1_view003_transparent_no-shadow-scaled-300x169.png\" data-full=\"https:\/\/houno.com\/wp-content\/uploads\/2025\/10\/MiniCombi_10-1_view003_transparent_no-shadow-scaled-e1760684708919-306x400.png\" alt=\"Invoq miniCombi 10-1\/1 GN compact combi oven designed to maximize performance in small kitchens with full functionality in a space-saving footprint\" lazy-load>\n        <\/div>\n\n        <div class=\"mtt-product-card__text-wrap\">\n            <div class=\"mtt-product-card__title\">\n                Invoq miniCombi 10-1\/1 GN            <\/div>\n        <\/div>\n\n    <\/div>\n<\/a>\n<a href=\"https:\/\/houno.com\/fr\/products\/invoq-minicombi-extraction-hoods\/\" class=\"mtt-product-card combi-oven swiper-slide\">\n    <div class=\"mtt-product-card__content\">\n\n        <div class=\"mtt-product-card__brand\">\n                    <\/div>\n\n        <div class=\"mtt-product-card__image\">\n            <img decoding=\"async\" src=\"https:\/\/houno.com\/wp-content\/uploads\/2025\/10\/MiniCombi_6-1_view001_condensation-hood_transparent_no-shadow-scaled-300x169.png\" data-full=\"https:\/\/houno.com\/wp-content\/uploads\/2025\/10\/MiniCombi_6-1_view001_condensation-hood_transparent_no-shadow-scaled-400x225.png\" alt=\"Invoq miniCombi with condensation hood\" lazy-load>\n        <\/div>\n\n        <div class=\"mtt-product-card__text-wrap\">\n            <div class=\"mtt-product-card__title\">\n                Invoq miniCombi Extraction hoods            <\/div>\n        <\/div>\n\n    <\/div>\n<\/a>\n<a href=\"https:\/\/houno.com\/fr\/products\/invoq-minicombi-hoodini\/\" class=\"mtt-product-card combi-oven swiper-slide\">\n    <div class=\"mtt-product-card__content\">\n\n        <div class=\"mtt-product-card__brand\">\n                    <\/div>\n\n        <div class=\"mtt-product-card__image\">\n            <img decoding=\"async\" src=\"https:\/\/houno.com\/wp-content\/uploads\/2025\/10\/MiniCombi_6-1_view001_hoodini_transparent_no-shadow-scaled-300x169.png\" data-full=\"https:\/\/houno.com\/wp-content\/uploads\/2025\/10\/MiniCombi_6-1_view001_hoodini_transparent_no-shadow-scaled-400x225.png\" alt=\"Compact Invoq miniCombi oven with Hoodini ventless solution, removing steam and heat without traditional hood systems for flexible kitchen installation\" lazy-load>\n        <\/div>\n\n        <div class=\"mtt-product-card__text-wrap\">\n            <div class=\"mtt-product-card__title\">\n                Invoq miniCombi Hoodini: solution de hotte sans vent            <\/div>\n        <\/div>\n\n    <\/div>\n<\/a>\t\t\t\t\t<\/div>\n\t\t\t\t<\/div>\n\t\t\t<\/div>\n\n\t\t<\/div>\n\t<\/section>\n\n<\/div>\n<\/div>\n","protected":false},"excerpt":{"rendered":"<p>Optimisez l&rsquo;organisation de votre cuisine gr\u00e2ce au support pour four miniCombi d&rsquo;Invoq, \u00e9quip\u00e9 de clayettes de rangement et de pieds r\u00e9glables pour une stabilit\u00e9 optimale.<\/p>\n","protected":false},"featured_media":37193,"template":"","certifications":[],"pa_1oven":[],"pa_2power":[],"pa_3-options":[334],"pa_4-advanced-solutions-cs":[],"ovens":[390,379],"class_list":["post-37192","combi-ovens","type-combi-ovens","status-publish","has-post-thumbnail","hentry","pa_3-options-support-de-four-invoq","ovens-combi","ovens-bake-fr"],"acf":[],"yoast_head":"<!-- This site is optimized with the Yoast SEO Premium plugin v27.5 (Yoast SEO v27.5) - https:\/\/yoast.com\/product\/yoast-seo-premium-wordpress\/ -->\n<title>Support Invoq miniCombi - HOUN\u00d6<\/title>\n<meta name=\"description\" content=\"Optimisez l&#039;organisation de votre cuisine gr\u00e2ce au support pour four miniCombi d&#039;Invoq, \u00e9quip\u00e9 de clayettes de rangement et de pieds r\u00e9glables pour une stabilit\u00e9 optimale.\" \/>\n<meta name=\"robots\" content=\"index, follow, max-snippet:-1, max-image-preview:large, max-video-preview:-1\" \/>\n<link rel=\"canonical\" href=\"https:\/\/houno.com\/fr\/products\/invoq-minicombi-oven-support\/\" \/>\n<meta property=\"og:locale\" content=\"fr_FR\" \/>\n<meta property=\"og:type\" content=\"article\" \/>\n<meta property=\"og:title\" content=\"Support Invoq miniCombi\" \/>\n<meta property=\"og:description\" content=\"Optimisez l&#039;organisation de votre cuisine gr\u00e2ce au support pour four miniCombi d&#039;Invoq, \u00e9quip\u00e9 de clayettes de rangement et de pieds r\u00e9glables pour une stabilit\u00e9 optimale.\" \/>\n<meta property=\"og:url\" content=\"https:\/\/houno.com\/fr\/products\/invoq-minicombi-oven-support\/\" \/>\n<meta property=\"og:site_name\" content=\"HOUN\u00d6\" \/>\n<meta property=\"article:publisher\" content=\"https:\/\/www.facebook.com\/hounocombi\" \/>\n<meta property=\"article:modified_time\" content=\"2026-04-29T00:27:53+00:00\" \/>\n<meta property=\"og:image\" content=\"https:\/\/houno.com\/wp-content\/uploads\/2026\/04\/Invoq_miniCombi_Stand.png\" \/>\n\t<meta property=\"og:image:width\" content=\"1997\" \/>\n\t<meta property=\"og:image:height\" content=\"1846\" \/>\n\t<meta property=\"og:image:type\" content=\"image\/png\" \/>\n<meta name=\"twitter:card\" content=\"summary_large_image\" \/>\n<meta name=\"twitter:label1\" content=\"Dur\u00e9e de lecture estim\u00e9e\" \/>\n\t<meta name=\"twitter:data1\" content=\"1 minute\" \/>\n<script type=\"application\/ld+json\" class=\"yoast-schema-graph\">{\"@context\":\"https:\\\/\\\/schema.org\",\"@graph\":[{\"@type\":\"WebPage\",\"@id\":\"https:\\\/\\\/houno.com\\\/fr\\\/products\\\/invoq-minicombi-oven-support\\\/\",\"url\":\"https:\\\/\\\/houno.com\\\/fr\\\/products\\\/invoq-minicombi-oven-support\\\/\",\"name\":\"Support Invoq miniCombi - HOUN\u00d6\",\"isPartOf\":{\"@id\":\"https:\\\/\\\/houno.com\\\/fr\\\/#website\"},\"primaryImageOfPage\":{\"@id\":\"https:\\\/\\\/houno.com\\\/fr\\\/products\\\/invoq-minicombi-oven-support\\\/#primaryimage\"},\"image\":{\"@id\":\"https:\\\/\\\/houno.com\\\/fr\\\/products\\\/invoq-minicombi-oven-support\\\/#primaryimage\"},\"thumbnailUrl\":\"https:\\\/\\\/houno.com\\\/wp-content\\\/uploads\\\/2026\\\/04\\\/Invoq_miniCombi_Stand.png\",\"datePublished\":\"2026-04-28T21:35:25+00:00\",\"dateModified\":\"2026-04-29T00:27:53+00:00\",\"description\":\"Optimisez l'organisation de votre cuisine gr\u00e2ce au support pour four miniCombi d'Invoq, \u00e9quip\u00e9 de clayettes de rangement et de pieds r\u00e9glables pour une stabilit\u00e9 optimale.\",\"breadcrumb\":{\"@id\":\"https:\\\/\\\/houno.com\\\/fr\\\/products\\\/invoq-minicombi-oven-support\\\/#breadcrumb\"},\"inLanguage\":\"fr-FR\",\"potentialAction\":[{\"@type\":\"ReadAction\",\"target\":[\"https:\\\/\\\/houno.com\\\/fr\\\/products\\\/invoq-minicombi-oven-support\\\/\"]}]},{\"@type\":\"ImageObject\",\"inLanguage\":\"fr-FR\",\"@id\":\"https:\\\/\\\/houno.com\\\/fr\\\/products\\\/invoq-minicombi-oven-support\\\/#primaryimage\",\"url\":\"https:\\\/\\\/houno.com\\\/wp-content\\\/uploads\\\/2026\\\/04\\\/Invoq_miniCombi_Stand.png\",\"contentUrl\":\"https:\\\/\\\/houno.com\\\/wp-content\\\/uploads\\\/2026\\\/04\\\/Invoq_miniCombi_Stand.png\",\"width\":1997,\"height\":1846},{\"@type\":\"BreadcrumbList\",\"@id\":\"https:\\\/\\\/houno.com\\\/fr\\\/products\\\/invoq-minicombi-oven-support\\\/#breadcrumb\",\"itemListElement\":[{\"@type\":\"ListItem\",\"position\":1,\"name\":\"Home\",\"item\":\"https:\\\/\\\/houno.com\\\/fr\\\/\"},{\"@type\":\"ListItem\",\"position\":2,\"name\":\"Commercial ovens\",\"item\":\"https:\\\/\\\/houno.com\\\/fr\\\/products\\\/\"},{\"@type\":\"ListItem\",\"position\":3,\"name\":\"Support Invoq miniCombi\"}]},{\"@type\":\"WebSite\",\"@id\":\"https:\\\/\\\/houno.com\\\/fr\\\/#website\",\"url\":\"https:\\\/\\\/houno.com\\\/fr\\\/\",\"name\":\"HOUN\u00d6\",\"description\":\"La marque et le fabricant de fours commerciaux haut de gamme visent \u00e0 simplifier l&#039;entretien\",\"publisher\":{\"@id\":\"https:\\\/\\\/houno.com\\\/fr\\\/#organization\"},\"potentialAction\":[{\"@type\":\"SearchAction\",\"target\":{\"@type\":\"EntryPoint\",\"urlTemplate\":\"https:\\\/\\\/houno.com\\\/fr\\\/?s={search_term_string}\"},\"query-input\":{\"@type\":\"PropertyValueSpecification\",\"valueRequired\":true,\"valueName\":\"search_term_string\"}}],\"inLanguage\":\"fr-FR\"},{\"@type\":\"Organization\",\"@id\":\"https:\\\/\\\/houno.com\\\/fr\\\/#organization\",\"name\":\"HOUN\u00d6\",\"url\":\"https:\\\/\\\/houno.com\\\/fr\\\/\",\"logo\":{\"@type\":\"ImageObject\",\"inLanguage\":\"fr-FR\",\"@id\":\"https:\\\/\\\/houno.com\\\/fr\\\/#\\\/schema\\\/logo\\\/image\\\/\",\"url\":\"https:\\\/\\\/houno.com\\\/wp-content\\\/uploads\\\/2021\\\/08\\\/cropped-Houno\u00a6e_id_logo-black-e1634730012288.png\",\"contentUrl\":\"https:\\\/\\\/houno.com\\\/wp-content\\\/uploads\\\/2021\\\/08\\\/cropped-Houno\u00a6e_id_logo-black-e1634730012288.png\",\"width\":250,\"height\":59,\"caption\":\"HOUN\u00d6\"},\"image\":{\"@id\":\"https:\\\/\\\/houno.com\\\/fr\\\/#\\\/schema\\\/logo\\\/image\\\/\"},\"sameAs\":[\"https:\\\/\\\/www.facebook.com\\\/hounocombi\",\"https:\\\/\\\/www.linkedin.com\\\/company\\\/houno\\\/\"]}]}<\/script>\n<!-- \/ Yoast SEO Premium plugin. -->","yoast_head_json":{"title":"Support Invoq miniCombi - HOUN\u00d6","description":"Optimisez l'organisation de votre cuisine gr\u00e2ce au support pour four miniCombi d'Invoq, \u00e9quip\u00e9 de clayettes de rangement et de pieds r\u00e9glables pour une stabilit\u00e9 optimale.","robots":{"index":"index","follow":"follow","max-snippet":"max-snippet:-1","max-image-preview":"max-image-preview:large","max-video-preview":"max-video-preview:-1"},"canonical":"https:\/\/houno.com\/fr\/products\/invoq-minicombi-oven-support\/","og_locale":"fr_FR","og_type":"article","og_title":"Support Invoq miniCombi","og_description":"Optimisez l'organisation de votre cuisine gr\u00e2ce au support pour four miniCombi d'Invoq, \u00e9quip\u00e9 de clayettes de rangement et de pieds r\u00e9glables pour une stabilit\u00e9 optimale.","og_url":"https:\/\/houno.com\/fr\/products\/invoq-minicombi-oven-support\/","og_site_name":"HOUN\u00d6","article_publisher":"https:\/\/www.facebook.com\/hounocombi","article_modified_time":"2026-04-29T00:27:53+00:00","og_image":[{"width":1997,"height":1846,"url":"https:\/\/houno.com\/wp-content\/uploads\/2026\/04\/Invoq_miniCombi_Stand.png","type":"image\/png"}],"twitter_card":"summary_large_image","twitter_misc":{"Dur\u00e9e de lecture estim\u00e9e":"1 minute"},"schema":{"@context":"https:\/\/schema.org","@graph":[{"@type":"WebPage","@id":"https:\/\/houno.com\/fr\/products\/invoq-minicombi-oven-support\/","url":"https:\/\/houno.com\/fr\/products\/invoq-minicombi-oven-support\/","name":"Support Invoq miniCombi - HOUN\u00d6","isPartOf":{"@id":"https:\/\/houno.com\/fr\/#website"},"primaryImageOfPage":{"@id":"https:\/\/houno.com\/fr\/products\/invoq-minicombi-oven-support\/#primaryimage"},"image":{"@id":"https:\/\/houno.com\/fr\/products\/invoq-minicombi-oven-support\/#primaryimage"},"thumbnailUrl":"https:\/\/houno.com\/wp-content\/uploads\/2026\/04\/Invoq_miniCombi_Stand.png","datePublished":"2026-04-28T21:35:25+00:00","dateModified":"2026-04-29T00:27:53+00:00","description":"Optimisez l'organisation de votre cuisine gr\u00e2ce au support pour four miniCombi d'Invoq, \u00e9quip\u00e9 de clayettes de rangement et de pieds r\u00e9glables pour une stabilit\u00e9 optimale.","breadcrumb":{"@id":"https:\/\/houno.com\/fr\/products\/invoq-minicombi-oven-support\/#breadcrumb"},"inLanguage":"fr-FR","potentialAction":[{"@type":"ReadAction","target":["https:\/\/houno.com\/fr\/products\/invoq-minicombi-oven-support\/"]}]},{"@type":"ImageObject","inLanguage":"fr-FR","@id":"https:\/\/houno.com\/fr\/products\/invoq-minicombi-oven-support\/#primaryimage","url":"https:\/\/houno.com\/wp-content\/uploads\/2026\/04\/Invoq_miniCombi_Stand.png","contentUrl":"https:\/\/houno.com\/wp-content\/uploads\/2026\/04\/Invoq_miniCombi_Stand.png","width":1997,"height":1846},{"@type":"BreadcrumbList","@id":"https:\/\/houno.com\/fr\/products\/invoq-minicombi-oven-support\/#breadcrumb","itemListElement":[{"@type":"ListItem","position":1,"name":"Home","item":"https:\/\/houno.com\/fr\/"},{"@type":"ListItem","position":2,"name":"Commercial ovens","item":"https:\/\/houno.com\/fr\/products\/"},{"@type":"ListItem","position":3,"name":"Support Invoq miniCombi"}]},{"@type":"WebSite","@id":"https:\/\/houno.com\/fr\/#website","url":"https:\/\/houno.com\/fr\/","name":"HOUN\u00d6","description":"La marque et le fabricant de fours commerciaux haut de gamme visent \u00e0 simplifier l&#039;entretien","publisher":{"@id":"https:\/\/houno.com\/fr\/#organization"},"potentialAction":[{"@type":"SearchAction","target":{"@type":"EntryPoint","urlTemplate":"https:\/\/houno.com\/fr\/?s={search_term_string}"},"query-input":{"@type":"PropertyValueSpecification","valueRequired":true,"valueName":"search_term_string"}}],"inLanguage":"fr-FR"},{"@type":"Organization","@id":"https:\/\/houno.com\/fr\/#organization","name":"HOUN\u00d6","url":"https:\/\/houno.com\/fr\/","logo":{"@type":"ImageObject","inLanguage":"fr-FR","@id":"https:\/\/houno.com\/fr\/#\/schema\/logo\/image\/","url":"https:\/\/houno.com\/wp-content\/uploads\/2021\/08\/cropped-Houno\u00a6e_id_logo-black-e1634730012288.png","contentUrl":"https:\/\/houno.com\/wp-content\/uploads\/2021\/08\/cropped-Houno\u00a6e_id_logo-black-e1634730012288.png","width":250,"height":59,"caption":"HOUN\u00d6"},"image":{"@id":"https:\/\/houno.com\/fr\/#\/schema\/logo\/image\/"},"sameAs":["https:\/\/www.facebook.com\/hounocombi","https:\/\/www.linkedin.com\/company\/houno\/"]}]}},"_links":{"self":[{"href":"https:\/\/houno.com\/fr\/wp-json\/wp\/v2\/combi-ovens\/37192","targetHints":{"allow":["GET"]}}],"collection":[{"href":"https:\/\/houno.com\/fr\/wp-json\/wp\/v2\/combi-ovens"}],"about":[{"href":"https:\/\/houno.com\/fr\/wp-json\/wp\/v2\/types\/combi-ovens"}],"wp:featuredmedia":[{"embeddable":true,"href":"https:\/\/houno.com\/fr\/wp-json\/wp\/v2\/media\/37193"}],"wp:attachment":[{"href":"https:\/\/houno.com\/fr\/wp-json\/wp\/v2\/media?parent=37192"}],"wp:term":[{"taxonomy":"certifications","embeddable":true,"href":"https:\/\/houno.com\/fr\/wp-json\/wp\/v2\/certifications?post=37192"},{"taxonomy":"pa_1oven","embeddable":true,"href":"https:\/\/houno.com\/fr\/wp-json\/wp\/v2\/pa_1oven?post=37192"},{"taxonomy":"pa_2power","embeddable":true,"href":"https:\/\/houno.com\/fr\/wp-json\/wp\/v2\/pa_2power?post=37192"},{"taxonomy":"pa_3-options","embeddable":true,"href":"https:\/\/houno.com\/fr\/wp-json\/wp\/v2\/pa_3-options?post=37192"},{"taxonomy":"pa_4-advanced-solutions-cs","embeddable":true,"href":"https:\/\/houno.com\/fr\/wp-json\/wp\/v2\/pa_4-advanced-solutions-cs?post=37192"},{"taxonomy":"ovens","embeddable":true,"href":"https:\/\/houno.com\/fr\/wp-json\/wp\/v2\/ovens?post=37192"}],"curies":[{"name":"wp","href":"https:\/\/api.w.org\/{rel}","templated":true}]}}