{"id":37190,"date":"2026-04-28T23:35:25","date_gmt":"2026-04-28T21:35:25","guid":{"rendered":"https:\/\/houno.com\/products\/invoq-minicombi-oven-stand\/"},"modified":"2026-04-29T02:27:35","modified_gmt":"2026-04-29T00:27:35","slug":"invoq-minicombi-oven-understel","status":"publish","type":"combi-ovens","link":"https:\/\/houno.com\/da\/produkter\/invoq-minicombi-oven-understel\/","title":{"rendered":"Invoq miniCombi understel"},"content":{"rendered":"\n<div class=\"wp-block-columns is-layout-flex wp-container-core-columns-is-layout-9d6595d7 wp-block-columns-is-layout-flex\" id=\"benefits\">\n<div class=\"wp-block-column is-layout-flow wp-block-column-is-layout-flow\" style=\"flex-basis:33.34%\"><div class=\"wp-text-block page_container styled-text\"><div class=\"wp-text-block__inner\">\n<h3 class=\"wp-block-heading\" id=\"h-work-smarter-not-lower\">Arbejd smartere \u2013 ikke lavere <\/h3>\n<\/div><\/div>\n\n<div class=\"wp-text-block page_container styled-text\"><div class=\"wp-text-block__inner\">\n<p>Ved at placere din Invoq miniCombi p\u00e5 et dedikeret understel opn\u00e5r du en komfortabel arbejdsh\u00f8jde ved ind- og udtagning. Det reducerer belastningen i travle perioder og bidrager til en mere smidig og effektiv arbejdsgang i k\u00f8kkenet. <\/p>\n<\/div><\/div><\/div>\n\n\n\n<div class=\"wp-block-column is-layout-flow wp-block-column-is-layout-flow\" style=\"flex-basis:33.34%\"><div class=\"wp-text-block page_container styled-text\"><div class=\"wp-text-block__inner\">\n<h3 class=\"wp-block-heading\" id=\"h-built-in-storage-built-for-speed\">Integreret opbevaring \u2013 klar til tempo <\/h3>\n<\/div><\/div>\n\n<div class=\"wp-text-block page_container styled-text\"><div class=\"wp-text-block__inner\">\n<p>Den integrerede hylde giver praktisk opbevaring af plader og riste lige ved h\u00e5nden. Hold alt inden for r\u00e6kkevidde, reducer un\u00f8dvendige bev\u00e6gelser, optim\u00e9r forberedelsestiden og bevar et rent og organiseret arbejdsomr\u00e5de <\/p>\n<\/div><\/div><\/div>\n\n\n\n<div class=\"wp-block-column is-layout-flow wp-block-column-is-layout-flow\" style=\"flex-basis:33.33%\"><div class=\"wp-text-block page_container styled-text\"><div class=\"wp-text-block__inner\">\n<h3 class=\"wp-block-heading\" id=\"h-stability-you-can-rely-on\">Stabilitet, du kan stole p\u00e5 <\/h3>\n<\/div><\/div>\n\n<div class=\"wp-text-block page_container styled-text\"><div class=\"wp-text-block__inner\">\n<p>Med justerbare f\u00f8dder (+0\u201360 mm) kan understellet nemt nivelleres efter dit k\u00f8kkenmilj\u00f8 \u2013 hvilket sikrer stabilitet og sikker drift, selv p\u00e5 uj\u00e6vne gulve.<\/p>\n<\/div><\/div><\/div>\n<\/div>\n\n<section class=\"wp-block-morningtrain-separator mtt-separator undefined spacing_top_104 spacing_bottom_104\"><div class=\"mtt-separator__border page_container\"><\/div><\/section>\n\n<div class=\"wp-block-columns is-layout-flex wp-container-core-columns-is-layout-9d6595d7 wp-block-columns-is-layout-flex\">\n<div class=\"wp-block-column is-layout-flow wp-block-column-is-layout-flow\" style=\"flex-basis:10%\"><\/div>\n\n\n\n<div class=\"wp-block-column is-layout-flow wp-block-column-is-layout-flow\" style=\"flex-basis:70%\" id=\"specifications\"><div class=\"wp-text-block page_container styled-text\"><div class=\"wp-text-block__inner\">\n<h3 class=\"wp-block-heading\">Specifikationer <\/h3>\n<\/div><\/div>\n\n<div class=\"wp-text-block page_container styled-text\"><div class=\"wp-text-block__inner\">\n<ul class=\"wp-block-list has-medium-font-size\">\n<li>H\u00f8jde: 809 mm <\/li>\n\n\n\n<li>Dybde: 515 mm <\/li>\n\n\n\n<li>Bredde: 786 mm <\/li>\n\n\n\n<li>Justerbare f\u00f8dder: +0\u201360 mm <\/li>\n\n\n\n<li>Indeholder: 1 hylde til opbevaring af plader <\/li>\n<\/ul>\n<\/div><\/div><\/div>\n\n\n\n<div class=\"wp-block-column is-layout-flow wp-block-column-is-layout-flow\" style=\"flex-basis:20%\"><\/div>\n<\/div>\n\n<div style=\"height:120px\" aria-hidden=\"true\" class=\"wp-block-spacer\"><\/div>\n\n<div class=\"wp-block-columns is-layout-flex wp-container-core-columns-is-layout-9d6595d7 wp-block-columns-is-layout-flex\" id=\"oven-models-options\">\n<div class=\"wp-block-column is-layout-flow wp-block-column-is-layout-flow\">\n\t<section class=\"mtt-combi-ovens-slider spacing_top_104 spacing_bottom_80 spacing-classes-added\">\n\t\t<div class=\"mtt-combi-ovens-slider__inner page_container\">\n\n\t\t\t<div class=\"loader mtt-combi-ovens-slider__loader\"><div class=\"loader__inner\"><\/div><\/div>\n\n\t\t\t\n<div class=\"mtt-filter mtt-combi-ovens-slider__filter\">\n\n    <div class=\"mtt-filter__container\">\n                    <h2 class=\"mtt-filter__title\">Se vores udvalg af ovne og tilbeh\u00f8r<\/h2>\n            <\/div>\n    \n    <div class=\"mtt-filter__container\">\n\n        \n                    <div class=\"mtt-filter__arrows slider-arrow-wrap\">\n                                    <a href=\"https:\/\/houno.com\/da\/hounoe-industriovne\/\" class=\"mtt-filter__button\">Se alle<\/a>\n                                                    <div class=\"swiper-button-prev\"><\/div>\n                    <div class=\"swiper-button-next\"><\/div>\n                            <\/div>\n        \n    <\/div>\n\n<\/div>\n\t\t\t<div class=\"mtt-combi-ovens-slider__target\">\n\t\t\t\t<div class=\"swiper-container\">\n\t\t\t\t\t<div class=\"swiper-wrapper\">\n\t\t\t\t\t\t\n<a href=\"https:\/\/houno.com\/da\/produkter\/invoq-minicombi-ovn-stackit-understel\/\" class=\"mtt-product-card combi-oven swiper-slide\">\n    <div class=\"mtt-product-card__content\">\n\n        <div class=\"mtt-product-card__brand\">\n                    <\/div>\n\n        <div class=\"mtt-product-card__image\">\n            <img decoding=\"async\" src=\"https:\/\/houno.com\/wp-content\/uploads\/2026\/04\/Invoq-miniCombi-Stackit-Stand--300x246.png\" data-full=\"https:\/\/houno.com\/wp-content\/uploads\/2026\/04\/Invoq-miniCombi-Stackit-Stand--400x328.png\" alt=\"Invoq miniCombi Stackit understel\" lazy-load>\n        <\/div>\n\n        <div class=\"mtt-product-card__text-wrap\">\n            <div class=\"mtt-product-card__title\">\n                Invoq miniCombi Stackit understel            <\/div>\n        <\/div>\n\n    <\/div>\n<\/a>\n<a href=\"https:\/\/houno.com\/da\/produkter\/invoq-minicombi-6-1-1-gn\/\" class=\"mtt-product-card combi-oven swiper-slide\">\n    <div class=\"mtt-product-card__content\">\n\n        <div class=\"mtt-product-card__brand\">\n                    <\/div>\n\n        <div class=\"mtt-product-card__image\">\n            <img decoding=\"async\" src=\"https:\/\/houno.com\/wp-content\/uploads\/2025\/10\/MiniCombi_6-1_view001_transparent_no-shadow-scaled-300x169.png\" data-full=\"https:\/\/houno.com\/wp-content\/uploads\/2025\/10\/MiniCombi_6-1_view001_transparent_no-shadow-scaled-400x225.png\" alt=\"Invoq miniCombi 6-1\/1 GN ideal for caf\u00e9s, take-away and compact kitchens, offering versatile cooking with full combi oven functionality\" lazy-load>\n        <\/div>\n\n        <div class=\"mtt-product-card__text-wrap\">\n            <div class=\"mtt-product-card__title\">\n                Invoq miniCombi 6-1\/1 GN            <\/div>\n        <\/div>\n\n    <\/div>\n<\/a>\n<a href=\"https:\/\/houno.com\/da\/produkter\/invoq-minicombi-10-1-1-gn\/\" class=\"mtt-product-card combi-oven swiper-slide\">\n    <div class=\"mtt-product-card__content\">\n\n        <div class=\"mtt-product-card__brand\">\n                    <\/div>\n\n        <div class=\"mtt-product-card__image\">\n            <img decoding=\"async\" src=\"https:\/\/houno.com\/wp-content\/uploads\/2025\/10\/MiniCombi_10-1_view003_transparent_no-shadow-scaled-300x169.png\" data-full=\"https:\/\/houno.com\/wp-content\/uploads\/2025\/10\/MiniCombi_10-1_view003_transparent_no-shadow-scaled-e1760684708919-306x400.png\" alt=\"Invoq miniCombi 10-1\/1 GN compact combi oven designed to maximize performance in small kitchens with full functionality in a space-saving footprint\" lazy-load>\n        <\/div>\n\n        <div class=\"mtt-product-card__text-wrap\">\n            <div class=\"mtt-product-card__title\">\n                Invoq miniCombi 10-1\/1 GN            <\/div>\n        <\/div>\n\n    <\/div>\n<\/a>\n<a href=\"https:\/\/houno.com\/da\/produkter\/invoq-minicombi-emfang\/\" class=\"mtt-product-card combi-oven swiper-slide\">\n    <div class=\"mtt-product-card__content\">\n\n        <div class=\"mtt-product-card__brand\">\n                    <\/div>\n\n        <div class=\"mtt-product-card__image\">\n            <img decoding=\"async\" src=\"https:\/\/houno.com\/wp-content\/uploads\/2025\/10\/MiniCombi_6-1_view001_condensation-hood_transparent_no-shadow-scaled-300x169.png\" data-full=\"https:\/\/houno.com\/wp-content\/uploads\/2025\/10\/MiniCombi_6-1_view001_condensation-hood_transparent_no-shadow-scaled-400x225.png\" alt=\"Invoq miniCombi med kondensemfang\" lazy-load>\n        <\/div>\n\n        <div class=\"mtt-product-card__text-wrap\">\n            <div class=\"mtt-product-card__title\">\n                Invoq miniCombi emfang            <\/div>\n        <\/div>\n\n    <\/div>\n<\/a>\n<a href=\"https:\/\/houno.com\/da\/produkter\/invoq-minicombi-hoodini\/\" class=\"mtt-product-card combi-oven swiper-slide\">\n    <div class=\"mtt-product-card__content\">\n\n        <div class=\"mtt-product-card__brand\">\n                    <\/div>\n\n        <div class=\"mtt-product-card__image\">\n            <img decoding=\"async\" src=\"https:\/\/houno.com\/wp-content\/uploads\/2025\/10\/MiniCombi_6-1_view001_hoodini_transparent_no-shadow-scaled-300x169.png\" data-full=\"https:\/\/houno.com\/wp-content\/uploads\/2025\/10\/MiniCombi_6-1_view001_hoodini_transparent_no-shadow-scaled-400x225.png\" alt=\"Compact Invoq miniCombi oven with Hoodini ventless solution, removing steam and heat without traditional hood systems for flexible kitchen installation\" lazy-load>\n        <\/div>\n\n        <div class=\"mtt-product-card__text-wrap\">\n            <div class=\"mtt-product-card__title\">\n                Invoq miniCombi Hoodini: ventilationsfri emfangsl\u00f8sning            <\/div>\n        <\/div>\n\n    <\/div>\n<\/a>\t\t\t\t\t<\/div>\n\t\t\t\t<\/div>\n\t\t\t<\/div>\n\n\t\t<\/div>\n\t<\/section>\n\n<\/div>\n<\/div>\n","protected":false},"excerpt":{"rendered":"<p>G\u00f8r arbejdsgangen i dit k\u00f8kken mere effektiv med Invoq miniCombi ovns understel, der er udstyret med opbevaringshylder og justerbare ben, der sikrer optimal stabilitet.<\/p>\n","protected":false},"featured_media":37191,"template":"","certifications":[],"pa_1oven":[],"pa_2power":[],"pa_3-options":[326],"pa_4-advanced-solutions-cs":[],"ovens":[245,244],"class_list":["post-37190","combi-ovens","type-combi-ovens","status-publish","has-post-thumbnail","hentry","pa_3-options-invoq-understel","ovens-bake-ovn","ovens-combi-ovn"],"acf":[],"yoast_head":"<!-- This site is optimized with the Yoast SEO Premium plugin v27.5 (Yoast SEO v27.5) - https:\/\/yoast.com\/product\/yoast-seo-premium-wordpress\/ -->\n<title>Invoq miniCombi understel - HOUN\u00d6<\/title>\n<meta name=\"description\" content=\"G\u00f8r arbejdsgangen i dit k\u00f8kken mere effektiv med Invoq miniCombi ovns understel, der er udstyret med opbevaringshylder og justerbare ben, der sikrer optimal stabilitet.\" \/>\n<meta name=\"robots\" content=\"index, follow, max-snippet:-1, max-image-preview:large, max-video-preview:-1\" \/>\n<link rel=\"canonical\" href=\"https:\/\/houno.com\/da\/produkter\/invoq-minicombi-oven-understel\/\" \/>\n<meta property=\"og:locale\" content=\"da_DK\" \/>\n<meta property=\"og:type\" content=\"article\" \/>\n<meta property=\"og:title\" content=\"Invoq miniCombi understel\" \/>\n<meta property=\"og:description\" content=\"G\u00f8r arbejdsgangen i dit k\u00f8kken mere effektiv med Invoq miniCombi ovns understel, der er udstyret med opbevaringshylder og justerbare ben, der sikrer optimal stabilitet.\" \/>\n<meta property=\"og:url\" content=\"https:\/\/houno.com\/da\/produkter\/invoq-minicombi-oven-understel\/\" \/>\n<meta property=\"og:site_name\" content=\"HOUN\u00d6\" \/>\n<meta property=\"article:publisher\" content=\"https:\/\/www.facebook.com\/hounocombi\" \/>\n<meta property=\"article:modified_time\" content=\"2026-04-29T00:27:35+00:00\" \/>\n<meta property=\"og:image\" content=\"https:\/\/houno.com\/wp-content\/uploads\/2026\/04\/Invoq_miniCombi_Stand.png\" \/>\n\t<meta property=\"og:image:width\" content=\"1997\" \/>\n\t<meta property=\"og:image:height\" content=\"1846\" \/>\n\t<meta property=\"og:image:type\" content=\"image\/png\" \/>\n<meta name=\"twitter:card\" content=\"summary_large_image\" \/>\n<meta name=\"twitter:label1\" content=\"Estimeret l\u00e6setid\" \/>\n\t<meta name=\"twitter:data1\" content=\"2 minutter\" \/>\n<script type=\"application\/ld+json\" class=\"yoast-schema-graph\">{\"@context\":\"https:\\\/\\\/schema.org\",\"@graph\":[{\"@type\":\"WebPage\",\"@id\":\"https:\\\/\\\/houno.com\\\/da\\\/produkter\\\/invoq-minicombi-oven-understel\\\/\",\"url\":\"https:\\\/\\\/houno.com\\\/da\\\/produkter\\\/invoq-minicombi-oven-understel\\\/\",\"name\":\"Invoq miniCombi understel - HOUN\u00d6\",\"isPartOf\":{\"@id\":\"https:\\\/\\\/houno.com\\\/da\\\/#website\"},\"primaryImageOfPage\":{\"@id\":\"https:\\\/\\\/houno.com\\\/da\\\/produkter\\\/invoq-minicombi-oven-understel\\\/#primaryimage\"},\"image\":{\"@id\":\"https:\\\/\\\/houno.com\\\/da\\\/produkter\\\/invoq-minicombi-oven-understel\\\/#primaryimage\"},\"thumbnailUrl\":\"https:\\\/\\\/houno.com\\\/wp-content\\\/uploads\\\/2026\\\/04\\\/Invoq_miniCombi_Stand.png\",\"datePublished\":\"2026-04-28T21:35:25+00:00\",\"dateModified\":\"2026-04-29T00:27:35+00:00\",\"description\":\"G\u00f8r arbejdsgangen i dit k\u00f8kken mere effektiv med Invoq miniCombi ovns understel, der er udstyret med opbevaringshylder og justerbare ben, der sikrer optimal stabilitet.\",\"breadcrumb\":{\"@id\":\"https:\\\/\\\/houno.com\\\/da\\\/produkter\\\/invoq-minicombi-oven-understel\\\/#breadcrumb\"},\"inLanguage\":\"da-DK\",\"potentialAction\":[{\"@type\":\"ReadAction\",\"target\":[\"https:\\\/\\\/houno.com\\\/da\\\/produkter\\\/invoq-minicombi-oven-understel\\\/\"]}]},{\"@type\":\"ImageObject\",\"inLanguage\":\"da-DK\",\"@id\":\"https:\\\/\\\/houno.com\\\/da\\\/produkter\\\/invoq-minicombi-oven-understel\\\/#primaryimage\",\"url\":\"https:\\\/\\\/houno.com\\\/wp-content\\\/uploads\\\/2026\\\/04\\\/Invoq_miniCombi_Stand.png\",\"contentUrl\":\"https:\\\/\\\/houno.com\\\/wp-content\\\/uploads\\\/2026\\\/04\\\/Invoq_miniCombi_Stand.png\",\"width\":1997,\"height\":1846},{\"@type\":\"BreadcrumbList\",\"@id\":\"https:\\\/\\\/houno.com\\\/da\\\/produkter\\\/invoq-minicombi-oven-understel\\\/#breadcrumb\",\"itemListElement\":[{\"@type\":\"ListItem\",\"position\":1,\"name\":\"Home\",\"item\":\"https:\\\/\\\/houno.com\\\/da\\\/\"},{\"@type\":\"ListItem\",\"position\":2,\"name\":\"Commercial ovens\",\"item\":\"https:\\\/\\\/houno.com\\\/da\\\/produkter\\\/\"},{\"@type\":\"ListItem\",\"position\":3,\"name\":\"Invoq miniCombi understel\"}]},{\"@type\":\"WebSite\",\"@id\":\"https:\\\/\\\/houno.com\\\/da\\\/#website\",\"url\":\"https:\\\/\\\/houno.com\\\/da\\\/\",\"name\":\"HOUN\u00d6\",\"description\":\"Premium commercial combi and bake ovens manufacturer aims for making service simple, smart and efficient\",\"publisher\":{\"@id\":\"https:\\\/\\\/houno.com\\\/da\\\/#organization\"},\"potentialAction\":[{\"@type\":\"SearchAction\",\"target\":{\"@type\":\"EntryPoint\",\"urlTemplate\":\"https:\\\/\\\/houno.com\\\/da\\\/?s={search_term_string}\"},\"query-input\":{\"@type\":\"PropertyValueSpecification\",\"valueRequired\":true,\"valueName\":\"search_term_string\"}}],\"inLanguage\":\"da-DK\"},{\"@type\":\"Organization\",\"@id\":\"https:\\\/\\\/houno.com\\\/da\\\/#organization\",\"name\":\"HOUN\u00d6\",\"url\":\"https:\\\/\\\/houno.com\\\/da\\\/\",\"logo\":{\"@type\":\"ImageObject\",\"inLanguage\":\"da-DK\",\"@id\":\"https:\\\/\\\/houno.com\\\/da\\\/#\\\/schema\\\/logo\\\/image\\\/\",\"url\":\"https:\\\/\\\/houno.com\\\/wp-content\\\/uploads\\\/2021\\\/08\\\/cropped-Houno\u00a6e_id_logo-black-e1634730012288.png\",\"contentUrl\":\"https:\\\/\\\/houno.com\\\/wp-content\\\/uploads\\\/2021\\\/08\\\/cropped-Houno\u00a6e_id_logo-black-e1634730012288.png\",\"width\":250,\"height\":59,\"caption\":\"HOUN\u00d6\"},\"image\":{\"@id\":\"https:\\\/\\\/houno.com\\\/da\\\/#\\\/schema\\\/logo\\\/image\\\/\"},\"sameAs\":[\"https:\\\/\\\/www.facebook.com\\\/hounocombi\",\"https:\\\/\\\/www.linkedin.com\\\/company\\\/houno\\\/\"]}]}<\/script>\n<!-- \/ Yoast SEO Premium plugin. -->","yoast_head_json":{"title":"Invoq miniCombi understel - HOUN\u00d6","description":"G\u00f8r arbejdsgangen i dit k\u00f8kken mere effektiv med Invoq miniCombi ovns understel, der er udstyret med opbevaringshylder og justerbare ben, der sikrer optimal stabilitet.","robots":{"index":"index","follow":"follow","max-snippet":"max-snippet:-1","max-image-preview":"max-image-preview:large","max-video-preview":"max-video-preview:-1"},"canonical":"https:\/\/houno.com\/da\/produkter\/invoq-minicombi-oven-understel\/","og_locale":"da_DK","og_type":"article","og_title":"Invoq miniCombi understel","og_description":"G\u00f8r arbejdsgangen i dit k\u00f8kken mere effektiv med Invoq miniCombi ovns understel, der er udstyret med opbevaringshylder og justerbare ben, der sikrer optimal stabilitet.","og_url":"https:\/\/houno.com\/da\/produkter\/invoq-minicombi-oven-understel\/","og_site_name":"HOUN\u00d6","article_publisher":"https:\/\/www.facebook.com\/hounocombi","article_modified_time":"2026-04-29T00:27:35+00:00","og_image":[{"width":1997,"height":1846,"url":"https:\/\/houno.com\/wp-content\/uploads\/2026\/04\/Invoq_miniCombi_Stand.png","type":"image\/png"}],"twitter_card":"summary_large_image","twitter_misc":{"Estimeret l\u00e6setid":"2 minutter"},"schema":{"@context":"https:\/\/schema.org","@graph":[{"@type":"WebPage","@id":"https:\/\/houno.com\/da\/produkter\/invoq-minicombi-oven-understel\/","url":"https:\/\/houno.com\/da\/produkter\/invoq-minicombi-oven-understel\/","name":"Invoq miniCombi understel - HOUN\u00d6","isPartOf":{"@id":"https:\/\/houno.com\/da\/#website"},"primaryImageOfPage":{"@id":"https:\/\/houno.com\/da\/produkter\/invoq-minicombi-oven-understel\/#primaryimage"},"image":{"@id":"https:\/\/houno.com\/da\/produkter\/invoq-minicombi-oven-understel\/#primaryimage"},"thumbnailUrl":"https:\/\/houno.com\/wp-content\/uploads\/2026\/04\/Invoq_miniCombi_Stand.png","datePublished":"2026-04-28T21:35:25+00:00","dateModified":"2026-04-29T00:27:35+00:00","description":"G\u00f8r arbejdsgangen i dit k\u00f8kken mere effektiv med Invoq miniCombi ovns understel, der er udstyret med opbevaringshylder og justerbare ben, der sikrer optimal stabilitet.","breadcrumb":{"@id":"https:\/\/houno.com\/da\/produkter\/invoq-minicombi-oven-understel\/#breadcrumb"},"inLanguage":"da-DK","potentialAction":[{"@type":"ReadAction","target":["https:\/\/houno.com\/da\/produkter\/invoq-minicombi-oven-understel\/"]}]},{"@type":"ImageObject","inLanguage":"da-DK","@id":"https:\/\/houno.com\/da\/produkter\/invoq-minicombi-oven-understel\/#primaryimage","url":"https:\/\/houno.com\/wp-content\/uploads\/2026\/04\/Invoq_miniCombi_Stand.png","contentUrl":"https:\/\/houno.com\/wp-content\/uploads\/2026\/04\/Invoq_miniCombi_Stand.png","width":1997,"height":1846},{"@type":"BreadcrumbList","@id":"https:\/\/houno.com\/da\/produkter\/invoq-minicombi-oven-understel\/#breadcrumb","itemListElement":[{"@type":"ListItem","position":1,"name":"Home","item":"https:\/\/houno.com\/da\/"},{"@type":"ListItem","position":2,"name":"Commercial ovens","item":"https:\/\/houno.com\/da\/produkter\/"},{"@type":"ListItem","position":3,"name":"Invoq miniCombi understel"}]},{"@type":"WebSite","@id":"https:\/\/houno.com\/da\/#website","url":"https:\/\/houno.com\/da\/","name":"HOUN\u00d6","description":"Premium commercial combi and bake ovens manufacturer aims for making service simple, smart and efficient","publisher":{"@id":"https:\/\/houno.com\/da\/#organization"},"potentialAction":[{"@type":"SearchAction","target":{"@type":"EntryPoint","urlTemplate":"https:\/\/houno.com\/da\/?s={search_term_string}"},"query-input":{"@type":"PropertyValueSpecification","valueRequired":true,"valueName":"search_term_string"}}],"inLanguage":"da-DK"},{"@type":"Organization","@id":"https:\/\/houno.com\/da\/#organization","name":"HOUN\u00d6","url":"https:\/\/houno.com\/da\/","logo":{"@type":"ImageObject","inLanguage":"da-DK","@id":"https:\/\/houno.com\/da\/#\/schema\/logo\/image\/","url":"https:\/\/houno.com\/wp-content\/uploads\/2021\/08\/cropped-Houno\u00a6e_id_logo-black-e1634730012288.png","contentUrl":"https:\/\/houno.com\/wp-content\/uploads\/2021\/08\/cropped-Houno\u00a6e_id_logo-black-e1634730012288.png","width":250,"height":59,"caption":"HOUN\u00d6"},"image":{"@id":"https:\/\/houno.com\/da\/#\/schema\/logo\/image\/"},"sameAs":["https:\/\/www.facebook.com\/hounocombi","https:\/\/www.linkedin.com\/company\/houno\/"]}]}},"_links":{"self":[{"href":"https:\/\/houno.com\/da\/wp-json\/wp\/v2\/combi-ovens\/37190","targetHints":{"allow":["GET"]}}],"collection":[{"href":"https:\/\/houno.com\/da\/wp-json\/wp\/v2\/combi-ovens"}],"about":[{"href":"https:\/\/houno.com\/da\/wp-json\/wp\/v2\/types\/combi-ovens"}],"wp:featuredmedia":[{"embeddable":true,"href":"https:\/\/houno.com\/da\/wp-json\/wp\/v2\/media\/37191"}],"wp:attachment":[{"href":"https:\/\/houno.com\/da\/wp-json\/wp\/v2\/media?parent=37190"}],"wp:term":[{"taxonomy":"certifications","embeddable":true,"href":"https:\/\/houno.com\/da\/wp-json\/wp\/v2\/certifications?post=37190"},{"taxonomy":"pa_1oven","embeddable":true,"href":"https:\/\/houno.com\/da\/wp-json\/wp\/v2\/pa_1oven?post=37190"},{"taxonomy":"pa_2power","embeddable":true,"href":"https:\/\/houno.com\/da\/wp-json\/wp\/v2\/pa_2power?post=37190"},{"taxonomy":"pa_3-options","embeddable":true,"href":"https:\/\/houno.com\/da\/wp-json\/wp\/v2\/pa_3-options?post=37190"},{"taxonomy":"pa_4-advanced-solutions-cs","embeddable":true,"href":"https:\/\/houno.com\/da\/wp-json\/wp\/v2\/pa_4-advanced-solutions-cs?post=37190"},{"taxonomy":"ovens","embeddable":true,"href":"https:\/\/houno.com\/da\/wp-json\/wp\/v2\/ovens?post=37190"}],"curies":[{"name":"wp","href":"https:\/\/api.w.org\/{rel}","templated":true}]}}