{"id":10663,"date":"2021-09-19T15:18:49","date_gmt":"2021-09-19T13:18:49","guid":{"rendered":"https:\/\/houno.com\/da.flamingo.ws\/?post_type=combi-ovens&#038;p=10663"},"modified":"2025-10-28T11:04:14","modified_gmt":"2025-10-28T10:04:14","slug":"invoq-minicombi-hoodini","status":"publish","type":"combi-ovens","link":"https:\/\/houno.com\/da\/produkter\/invoq-minicombi-hoodini\/","title":{"rendered":"Invoq miniCombi Hoodini: ventilationsfri emfangsl\u00f8sning"},"content":{"rendered":"<div class=\"style no_bg\">\r\n<section class=\"text-info-repeater background_element spacing_top_56 spacing_bottom_80 spacing-classes-added\">\r\n    <div class=\"text-info-repeater__inner page_container\">\r\n                <div class=\"text-info-repeater__text-container\">\r\n                                                <div class=\"text-info-repeater__text size-3\">\r\n                        <h3>Maksimal udbytte i et mindre k\u00f8kken<\/h3>\r\n                        <p>CombiSlim ovne er perfekte til caf\u00e9er, benzinstationer, take-aways og b\u00f8rnehaver grundet ovnens unikke st\u00f8rrelse.<\/p>\r\n                                            <\/div>\r\n                                    <div class=\"text-info-repeater__text size-3\">\r\n                        <h3>Unik st\u00f8rrelse<\/h3>\r\n                        <p>Opn\u00e5 maksimal fleksibilitet p\u00e5 minimal plads med CombiSlim ovne. Disse combiovne m\u00e5ler kun 51,3 cm i bredden og passer ind i alle professionelle k\u00f8kkener. <\/p>\r\n                                            <\/div>\r\n                                    <div class=\"text-info-repeater__text size-3\">\r\n                        <h3>Samme funktioner, maksimal fleksibilitet<\/h3>\r\n                        <p>Den er lille, men effektivt. CombiSlim har de samme funktioner som en stor kombiovn, der giver dig maksimal fleksibilitet. Du f\u00e5r alle de n\u00f8dvendige funktioner i et mindre k\u00f8kken.<\/p>\r\n                                            <\/div>\r\n                                    <\/div>\r\n    <\/div>\r\n<\/section><\/div>\n\n\r\n<section id=\"Elektrisk ovn\" class=\"mtt-accordion spacing_top_104 spacing_bottom_104 spacing-classes-added\">\r\n    <div class=\"mtt-accordion__inner\">\r\n        <div class=\"mtt-accordion__wrap page_container\">\r\n\r\n                            <h2 class=\"mtt-accordion__title\">Elektrisk ovn<\/h2>\r\n            \r\n            <div class=\"mtt-accordion__accordions\">\r\n                                                            <div class=\"mtt-accordion__accordion\">\r\n\r\n                            <div class=\"mtt-accordion__accordion-title\">\r\n                                <p>Specifikationer \u2013 ovn<\/p>\r\n                            <\/div>\r\n\r\n                            <div class=\"mtt-accordion__accordion-content\">\r\n                                <div class=\"mtt-accordion__accordion-content-inner\">\r\n                                    <ul>\n<li>Sp\u00e6nding: 3 NAC 400\/415 V<\/li>\n<li>Effekt: 8.4\/9.2 kW<\/li>\n<li>Str\u00f8mforbrug: 14 A<\/li>\n<li>Forsikring: I henhold til lokal lovgivning<\/li>\n<li>Vandtilslutning: 3\/4\u201d, udvendig<\/li>\n<li>Afl\u00f8b: \u00d840 mm, udvendig<\/li>\n<\/ul>\n                                <\/div>\r\n                            <\/div>\r\n\r\n                        <\/div>\r\n                                            <div class=\"mtt-accordion__accordion\">\r\n\r\n                            <div class=\"mtt-accordion__accordion-title\">\r\n                                <p>Specifikationer \u2013 Hoodini<\/p>\r\n                            <\/div>\r\n\r\n                            <div class=\"mtt-accordion__accordion-content\">\r\n                                <div class=\"mtt-accordion__accordion-content-inner\">\r\n                                    <ul>\n<li>Sp\u00e6nding: 208-240 V<\/li>\n<li>Fase: 1<\/li>\n<li>Frekvens: 50\/60 Hz<\/li>\n<li>Nominel str\u00f8m: 9 A (2,2 kW)<\/li>\n<\/ul>\n                                <\/div>\r\n                            <\/div>\r\n\r\n                        <\/div>\r\n                                            <div class=\"mtt-accordion__accordion\">\r\n\r\n                            <div class=\"mtt-accordion__accordion-title\">\r\n                                <p>Kapacitet<\/p>\r\n                            <\/div>\r\n\r\n                            <div class=\"mtt-accordion__accordion-content\">\r\n                                <div class=\"mtt-accordion__accordion-content-inner\">\r\n                                    <ul>\n<li>Kombiovn med 6 plader (1\/1 GN, 20\/40 mm) eller<\/li>\n<li>Kombiovn med 4 plader (1\/1 GN, 60 mm U)<\/li>\n<\/ul>\n                                <\/div>\r\n                            <\/div>\r\n\r\n                        <\/div>\r\n                                            <div class=\"mtt-accordion__accordion\">\r\n\r\n                            <div class=\"mtt-accordion__accordion-title\">\r\n                                <p>Dimensioner og v\u00e6gt<\/p>\r\n                            <\/div>\r\n\r\n                            <div class=\"mtt-accordion__accordion-content\">\r\n                                <div class=\"mtt-accordion__accordion-content-inner\">\r\n                                    <ul>\n<li>Bredde: 514 mm<\/li>\n<li>H\u00f8jde, bordmodel: 1138 mm<\/li>\n<li>H\u00f8jde, med understel: 1951 mm<\/li>\n<li>Dybde: 1041 mm<\/li>\n<li>V\u00e6gt: 110 kg netto \/ 125 kg emballeret<\/li>\n<\/ul>\n                                <\/div>\r\n                            <\/div>\r\n\r\n                        <\/div>\r\n                                            <div class=\"mtt-accordion__accordion\">\r\n\r\n                            <div class=\"mtt-accordion__accordion-title\">\r\n                                <p>Certifikationer<\/p>\r\n                            <\/div>\r\n\r\n                            <div class=\"mtt-accordion__accordion-content\">\r\n                                <div class=\"mtt-accordion__accordion-content-inner\">\r\n                                    <p><img loading=\"lazy\" decoding=\"async\" class=\"alignnone size-large wp-image-5213\" src=\"https:\/\/houno.com\/wp-content\/uploads\/2021\/01\/Certifikationer_2-1-1024x256.png\" alt=\"\" width=\"1024\" height=\"256\" srcset=\"https:\/\/houno.com\/wp-content\/uploads\/2021\/01\/Certifikationer_2-1-1024x256.png 1024w, https:\/\/houno.com\/wp-content\/uploads\/2021\/01\/Certifikationer_2-1-300x75.png 300w, https:\/\/houno.com\/wp-content\/uploads\/2021\/01\/Certifikationer_2-1.png 2000w\" sizes=\"auto, (max-width: 1024px) 100vw, 1024px\" \/><\/p>\n                                <\/div>\r\n                            <\/div>\r\n\r\n                        <\/div>\r\n                                                                <\/div>\r\n\r\n        <\/div>\r\n    <\/div>\r\n<\/section>\n\n\n<div style=\"height:200px\" aria-hidden=\"true\" class=\"wp-block-spacer\"><\/div>\n\n\n<div class=\"style no_bg\">\r\n<header class=\"woocommerce-products-header shop-cover background_element \">\r\n    <div class=\"woocommerce-products-header__inner page_container\">\r\n        <div class=\"woocommerce-products-header__text\">\r\n            <div class=\"mtt-tagline\">Cloud l\u00f8sning<\/div>\r\n            <h2>Let&#8217;s Cook<\/h2>\r\n            <div class=\"text\"><p>Arbejd smartere og mere effektivt ved h\u00e6lp af Let&#8217;s Cook cloud l\u00f8sningen. Se hvordan Let&#8217;s Cook kan bruges til at sikre kontinueitet i din menuplanl\u00e6gning og samtidig optimere og reducere ovnens forbrug efter behov alt sammen i en platform.<\/p>\n<p>&nbsp;<\/p>\n<\/div>\r\n                <div class=\"button-section buttons\">\n\n        \n                    <a href=\"https:\/\/houno.com\/da\/faq\/faq-cloud-loesning\/\" class=\" button dash\">\n                        L\u00e6s mere om fordelene                    <\/a>\n                \n                \n    <\/div>\n        <\/div>\r\n        <div class=\"woocommerce-products-header__image\">\r\n            <div class=\"image object-fit\">\r\n                                    <img decoding=\"async\" src=\"https:\/\/houno.com\/wp-content\/uploads\/2021\/05\/CLOUD_Img_cover_tablet-300x222.png\" data-full=\"https:\/\/houno.com\/wp-content\/uploads\/2021\/05\/CLOUD_Img_cover_tablet.png\" alt=\"CLOUD_Img_cover_tablet\" lazy-load>\r\n                            <\/div>\r\n        <\/div>\r\n    <\/div>\r\n<\/header><\/div>\n\n\n\t<section class=\"mtt-combi-ovens-slider spacing_top_184 spacing_bottom_184 spacing-classes-added\">\n\t\t<div class=\"mtt-combi-ovens-slider__inner page_container\">\n\n\t\t\t<div class=\"loader mtt-combi-ovens-slider__loader\"><div class=\"loader__inner\"><\/div><\/div>\n\n\t\t\t\n<div class=\"mtt-filter mtt-combi-ovens-slider__filter\">\n\n    <div class=\"mtt-filter__container\">\n                    <h2 class=\"mtt-filter__title\">Relaterede ovne<\/h2>\n            <\/div>\n    \n    <div class=\"mtt-filter__container\">\n\n        \n                    <div class=\"mtt-filter__arrows slider-arrow-wrap\">\n                                    <a href=\"https:\/\/houno.com\/da\/hounoe-industriovne\/\" class=\"mtt-filter__button\">Se alle<\/a>\n                                            <\/div>\n        \n    <\/div>\n\n<\/div>\n\t\t\t<div class=\"mtt-combi-ovens-slider__target\">\n\t\t\t\t<div class=\"swiper-container\">\n\t\t\t\t\t<div class=\"swiper-wrapper\">\n\t\t\t\t\t\t\n<a href=\"https:\/\/houno.com\/da\/produkter\/invoq-minicombi-hoodini\/\" class=\"mtt-product-card combi-oven swiper-slide\">\n    <div class=\"mtt-product-card__content\">\n\n        <div class=\"mtt-product-card__brand\">\n                    <\/div>\n\n        <div class=\"mtt-product-card__image\">\n            <img decoding=\"async\" src=\"https:\/\/houno.com\/wp-content\/uploads\/2025\/10\/MiniCombi_6-1_view001_hoodini_transparent_no-shadow-scaled-300x169.png\" data-full=\"https:\/\/houno.com\/wp-content\/uploads\/2025\/10\/MiniCombi_6-1_view001_hoodini_transparent_no-shadow-scaled-400x225.png\" alt=\"Compact Invoq miniCombi oven with Hoodini ventless solution, removing steam and heat without traditional hood systems for flexible kitchen installation\" lazy-load>\n        <\/div>\n\n        <div class=\"mtt-product-card__text-wrap\">\n            <div class=\"mtt-product-card__title\">\n                Invoq miniCombi Hoodini: ventilationsfri emfangsl\u00f8sning            <\/div>\n        <\/div>\n\n    <\/div>\n<\/a>\t\t\t\t\t<\/div>\n\t\t\t\t<\/div>\n\t\t\t<\/div>\n\n\t\t<\/div>\n\t<\/section>\n\n\n\n\n\t<section class=\"mtt-combi-ovens-slider spacing_bottom_184 spacing-classes-added\">\n\t\t<div class=\"mtt-combi-ovens-slider__inner page_container\">\n\n\t\t\t<div class=\"loader mtt-combi-ovens-slider__loader\"><div class=\"loader__inner\"><\/div><\/div>\n\n\t\t\t\n<div class=\"mtt-filter mtt-combi-ovens-slider__filter\">\n\n    <div class=\"mtt-filter__container\">\n                    <h2 class=\"mtt-filter__title\">Flere muligheder<\/h2>\n            <\/div>\n    \n    <div class=\"mtt-filter__container\">\n\n        \n                    <div class=\"mtt-filter__arrows slider-arrow-wrap\">\n                                    <a href=\"https:\/\/houno.com\/da\/hounoe-industriovne\/\" class=\"mtt-filter__button\">Se alle<\/a>\n                                                    <div class=\"swiper-button-prev\"><\/div>\n                    <div class=\"swiper-button-next\"><\/div>\n                            <\/div>\n        \n    <\/div>\n\n<\/div>\n\t\t\t<div class=\"mtt-combi-ovens-slider__target\">\n\t\t\t\t<div class=\"swiper-container\">\n\t\t\t\t\t<div class=\"swiper-wrapper\">\n\t\t\t\t\t\t\n<a href=\"https:\/\/houno.com\/da\/produkter\/emfang\/\" class=\"mtt-product-card combi-oven swiper-slide\">\n    <div class=\"mtt-product-card__content\">\n\n        <div class=\"mtt-product-card__brand\">\n                    <\/div>\n\n        <div class=\"mtt-product-card__image\">\n            <img decoding=\"async\" src=\"https:\/\/houno.com\/wp-content\/uploads\/2021\/03\/HOUNO_10-1-GN_Hood_Cam002_transparent_no-shadow-e1667557118442-275x300.png\" data-full=\"https:\/\/houno.com\/wp-content\/uploads\/2021\/03\/HOUNO_10-1-GN_Hood_Cam002_transparent_no-shadow-e1667557118442-366x400.png\" alt=\"HOUN\u00d6_10-1-GN_Hood_Cam002_transparent_no shadow\" lazy-load>\n        <\/div>\n\n        <div class=\"mtt-product-card__text-wrap\">\n            <div class=\"mtt-product-card__title\">\n                Emfang            <\/div>\n        <\/div>\n\n    <\/div>\n<\/a>\n<a href=\"https:\/\/houno.com\/da\/produkter\/stackit\/\" class=\"mtt-product-card combi-oven swiper-slide\">\n    <div class=\"mtt-product-card__content\">\n\n        <div class=\"mtt-product-card__brand\">\n                    <\/div>\n\n        <div class=\"mtt-product-card__image\">\n            <img decoding=\"async\" src=\"https:\/\/houno.com\/wp-content\/uploads\/2021\/03\/HOUNO_Invoq_10-1_6-1_Stackit_transparent_TMI.png\" data-full=\"https:\/\/houno.com\/wp-content\/uploads\/2021\/03\/HOUNO_Invoq_10-1_6-1_Stackit_transparent_TMI.png\" alt=\"Invoq Stackit solution with 10-1\/1 GN + 6-1\/1 GN ovens stacked, delivering increased capacity and full rack utilization while maintaining the same kitchen footprint\" lazy-load>\n        <\/div>\n\n        <div class=\"mtt-product-card__text-wrap\">\n            <div class=\"mtt-product-card__title\">\n                Invoq Stackit            <\/div>\n        <\/div>\n\n    <\/div>\n<\/a>\t\t\t\t\t<\/div>\n\t\t\t\t<\/div>\n\t\t\t<\/div>\n\n\t\t<\/div>\n\t<\/section>\n\n","protected":false},"excerpt":{"rendered":"<p>F\u00e5 mere at vide om fordelene ved Invoq miniCombi Hoodini ventilationsfri emh\u00e6tte, der er designet til optimal ydeevne i k\u00f8kkener med begr\u00e6nset plads.<\/p>\n","protected":false},"featured_media":35120,"template":"","certifications":[],"pa_1oven":[],"pa_2power":[226],"pa_3-options":[239],"pa_4-advanced-solutions-cs":[],"ovens":[245,244],"class_list":["post-10663","combi-ovens","type-combi-ovens","status-publish","has-post-thumbnail","hentry","pa_2power-elektrisk","pa_3-options-emfang","ovens-bake-ovn","ovens-combi-ovn"],"acf":[],"yoast_head":"<!-- This site is optimized with the Yoast SEO Premium plugin v27.5 (Yoast SEO v27.5) - https:\/\/yoast.com\/product\/yoast-seo-premium-wordpress\/ -->\n<title>Invoq miniCombi Hoodini: ventilationsfri emfangsl\u00f8sning - HOUN\u00d6<\/title>\n<meta name=\"description\" content=\"F\u00e5 mere at vide om fordelene ved Invoq miniCombi Hoodini ventilationsfri emh\u00e6tte, der er designet til optimal ydeevne i k\u00f8kkener med begr\u00e6nset plads.\" \/>\n<meta name=\"robots\" content=\"index, follow, max-snippet:-1, max-image-preview:large, max-video-preview:-1\" \/>\n<link rel=\"canonical\" href=\"https:\/\/houno.com\/da\/produkter\/invoq-minicombi-hoodini\/\" \/>\n<meta property=\"og:locale\" content=\"da_DK\" \/>\n<meta property=\"og:type\" content=\"article\" \/>\n<meta property=\"og:title\" content=\"Invoq miniCombi Hoodini: ventilationsfri emfangsl\u00f8sning\" \/>\n<meta property=\"og:description\" content=\"F\u00e5 mere at vide om fordelene ved Invoq miniCombi Hoodini ventilationsfri emh\u00e6tte, der er designet til optimal ydeevne i k\u00f8kkener med begr\u00e6nset plads.\" \/>\n<meta property=\"og:url\" content=\"https:\/\/houno.com\/da\/produkter\/invoq-minicombi-hoodini\/\" \/>\n<meta property=\"og:site_name\" content=\"HOUN\u00d6\" \/>\n<meta property=\"article:publisher\" content=\"https:\/\/www.facebook.com\/hounocombi\" \/>\n<meta property=\"article:modified_time\" content=\"2025-10-28T10:04:14+00:00\" \/>\n<meta property=\"og:image\" content=\"https:\/\/houno.com\/wp-content\/uploads\/2025\/10\/MiniCombi_6-1_view001_hoodini_transparent_no-shadow-scaled.png\" \/>\n\t<meta property=\"og:image:width\" content=\"2560\" \/>\n\t<meta property=\"og:image:height\" content=\"1441\" \/>\n\t<meta property=\"og:image:type\" content=\"image\/png\" \/>\n<meta name=\"twitter:card\" content=\"summary_large_image\" \/>\n<meta name=\"twitter:label1\" content=\"Estimeret l\u00e6setid\" \/>\n\t<meta name=\"twitter:data1\" content=\"1 minut\" \/>\n<script type=\"application\/ld+json\" class=\"yoast-schema-graph\">{\"@context\":\"https:\\\/\\\/schema.org\",\"@graph\":[{\"@type\":\"WebPage\",\"@id\":\"https:\\\/\\\/houno.com\\\/da\\\/produkter\\\/invoq-minicombi-hoodini\\\/\",\"url\":\"https:\\\/\\\/houno.com\\\/da\\\/produkter\\\/invoq-minicombi-hoodini\\\/\",\"name\":\"Invoq miniCombi Hoodini: ventilationsfri emfangsl\u00f8sning - HOUN\u00d6\",\"isPartOf\":{\"@id\":\"https:\\\/\\\/houno.com\\\/da\\\/#website\"},\"primaryImageOfPage\":{\"@id\":\"https:\\\/\\\/houno.com\\\/da\\\/produkter\\\/invoq-minicombi-hoodini\\\/#primaryimage\"},\"image\":{\"@id\":\"https:\\\/\\\/houno.com\\\/da\\\/produkter\\\/invoq-minicombi-hoodini\\\/#primaryimage\"},\"thumbnailUrl\":\"https:\\\/\\\/houno.com\\\/wp-content\\\/uploads\\\/2025\\\/10\\\/MiniCombi_6-1_view001_hoodini_transparent_no-shadow-scaled.png\",\"datePublished\":\"2021-09-19T13:18:49+00:00\",\"dateModified\":\"2025-10-28T10:04:14+00:00\",\"description\":\"F\u00e5 mere at vide om fordelene ved Invoq miniCombi Hoodini ventilationsfri emh\u00e6tte, der er designet til optimal ydeevne i k\u00f8kkener med begr\u00e6nset plads.\",\"breadcrumb\":{\"@id\":\"https:\\\/\\\/houno.com\\\/da\\\/produkter\\\/invoq-minicombi-hoodini\\\/#breadcrumb\"},\"inLanguage\":\"da-DK\",\"potentialAction\":[{\"@type\":\"ReadAction\",\"target\":[\"https:\\\/\\\/houno.com\\\/da\\\/produkter\\\/invoq-minicombi-hoodini\\\/\"]}]},{\"@type\":\"ImageObject\",\"inLanguage\":\"da-DK\",\"@id\":\"https:\\\/\\\/houno.com\\\/da\\\/produkter\\\/invoq-minicombi-hoodini\\\/#primaryimage\",\"url\":\"https:\\\/\\\/houno.com\\\/wp-content\\\/uploads\\\/2025\\\/10\\\/MiniCombi_6-1_view001_hoodini_transparent_no-shadow-scaled.png\",\"contentUrl\":\"https:\\\/\\\/houno.com\\\/wp-content\\\/uploads\\\/2025\\\/10\\\/MiniCombi_6-1_view001_hoodini_transparent_no-shadow-scaled.png\",\"width\":2560,\"height\":1441,\"caption\":\"Compact Invoq miniCombi oven with Hoodini ventless solution, removing steam and heat without traditional hood systems for flexible kitchen installation\"},{\"@type\":\"BreadcrumbList\",\"@id\":\"https:\\\/\\\/houno.com\\\/da\\\/produkter\\\/invoq-minicombi-hoodini\\\/#breadcrumb\",\"itemListElement\":[{\"@type\":\"ListItem\",\"position\":1,\"name\":\"Home\",\"item\":\"https:\\\/\\\/houno.com\\\/da\\\/\"},{\"@type\":\"ListItem\",\"position\":2,\"name\":\"Commercial ovens\",\"item\":\"https:\\\/\\\/houno.com\\\/da\\\/produkter\\\/\"},{\"@type\":\"ListItem\",\"position\":3,\"name\":\"Invoq miniCombi Hoodini: ventilationsfri emfangsl\u00f8sning\"}]},{\"@type\":\"WebSite\",\"@id\":\"https:\\\/\\\/houno.com\\\/da\\\/#website\",\"url\":\"https:\\\/\\\/houno.com\\\/da\\\/\",\"name\":\"HOUN\u00d6\",\"description\":\"Premium commercial combi and bake ovens manufacturer aims for making service simple, smart and efficient\",\"publisher\":{\"@id\":\"https:\\\/\\\/houno.com\\\/da\\\/#organization\"},\"potentialAction\":[{\"@type\":\"SearchAction\",\"target\":{\"@type\":\"EntryPoint\",\"urlTemplate\":\"https:\\\/\\\/houno.com\\\/da\\\/?s={search_term_string}\"},\"query-input\":{\"@type\":\"PropertyValueSpecification\",\"valueRequired\":true,\"valueName\":\"search_term_string\"}}],\"inLanguage\":\"da-DK\"},{\"@type\":\"Organization\",\"@id\":\"https:\\\/\\\/houno.com\\\/da\\\/#organization\",\"name\":\"HOUN\u00d6\",\"url\":\"https:\\\/\\\/houno.com\\\/da\\\/\",\"logo\":{\"@type\":\"ImageObject\",\"inLanguage\":\"da-DK\",\"@id\":\"https:\\\/\\\/houno.com\\\/da\\\/#\\\/schema\\\/logo\\\/image\\\/\",\"url\":\"https:\\\/\\\/houno.com\\\/wp-content\\\/uploads\\\/2021\\\/08\\\/cropped-Houno\u00a6e_id_logo-black-e1634730012288.png\",\"contentUrl\":\"https:\\\/\\\/houno.com\\\/wp-content\\\/uploads\\\/2021\\\/08\\\/cropped-Houno\u00a6e_id_logo-black-e1634730012288.png\",\"width\":250,\"height\":59,\"caption\":\"HOUN\u00d6\"},\"image\":{\"@id\":\"https:\\\/\\\/houno.com\\\/da\\\/#\\\/schema\\\/logo\\\/image\\\/\"},\"sameAs\":[\"https:\\\/\\\/www.facebook.com\\\/hounocombi\",\"https:\\\/\\\/www.linkedin.com\\\/company\\\/houno\\\/\"]}]}<\/script>\n<!-- \/ Yoast SEO Premium plugin. -->","yoast_head_json":{"title":"Invoq miniCombi Hoodini: ventilationsfri emfangsl\u00f8sning - HOUN\u00d6","description":"F\u00e5 mere at vide om fordelene ved Invoq miniCombi Hoodini ventilationsfri emh\u00e6tte, der er designet til optimal ydeevne i k\u00f8kkener med begr\u00e6nset plads.","robots":{"index":"index","follow":"follow","max-snippet":"max-snippet:-1","max-image-preview":"max-image-preview:large","max-video-preview":"max-video-preview:-1"},"canonical":"https:\/\/houno.com\/da\/produkter\/invoq-minicombi-hoodini\/","og_locale":"da_DK","og_type":"article","og_title":"Invoq miniCombi Hoodini: ventilationsfri emfangsl\u00f8sning","og_description":"F\u00e5 mere at vide om fordelene ved Invoq miniCombi Hoodini ventilationsfri emh\u00e6tte, der er designet til optimal ydeevne i k\u00f8kkener med begr\u00e6nset plads.","og_url":"https:\/\/houno.com\/da\/produkter\/invoq-minicombi-hoodini\/","og_site_name":"HOUN\u00d6","article_publisher":"https:\/\/www.facebook.com\/hounocombi","article_modified_time":"2025-10-28T10:04:14+00:00","og_image":[{"width":2560,"height":1441,"url":"https:\/\/houno.com\/wp-content\/uploads\/2025\/10\/MiniCombi_6-1_view001_hoodini_transparent_no-shadow-scaled.png","type":"image\/png"}],"twitter_card":"summary_large_image","twitter_misc":{"Estimeret l\u00e6setid":"1 minut"},"schema":{"@context":"https:\/\/schema.org","@graph":[{"@type":"WebPage","@id":"https:\/\/houno.com\/da\/produkter\/invoq-minicombi-hoodini\/","url":"https:\/\/houno.com\/da\/produkter\/invoq-minicombi-hoodini\/","name":"Invoq miniCombi Hoodini: ventilationsfri emfangsl\u00f8sning - HOUN\u00d6","isPartOf":{"@id":"https:\/\/houno.com\/da\/#website"},"primaryImageOfPage":{"@id":"https:\/\/houno.com\/da\/produkter\/invoq-minicombi-hoodini\/#primaryimage"},"image":{"@id":"https:\/\/houno.com\/da\/produkter\/invoq-minicombi-hoodini\/#primaryimage"},"thumbnailUrl":"https:\/\/houno.com\/wp-content\/uploads\/2025\/10\/MiniCombi_6-1_view001_hoodini_transparent_no-shadow-scaled.png","datePublished":"2021-09-19T13:18:49+00:00","dateModified":"2025-10-28T10:04:14+00:00","description":"F\u00e5 mere at vide om fordelene ved Invoq miniCombi Hoodini ventilationsfri emh\u00e6tte, der er designet til optimal ydeevne i k\u00f8kkener med begr\u00e6nset plads.","breadcrumb":{"@id":"https:\/\/houno.com\/da\/produkter\/invoq-minicombi-hoodini\/#breadcrumb"},"inLanguage":"da-DK","potentialAction":[{"@type":"ReadAction","target":["https:\/\/houno.com\/da\/produkter\/invoq-minicombi-hoodini\/"]}]},{"@type":"ImageObject","inLanguage":"da-DK","@id":"https:\/\/houno.com\/da\/produkter\/invoq-minicombi-hoodini\/#primaryimage","url":"https:\/\/houno.com\/wp-content\/uploads\/2025\/10\/MiniCombi_6-1_view001_hoodini_transparent_no-shadow-scaled.png","contentUrl":"https:\/\/houno.com\/wp-content\/uploads\/2025\/10\/MiniCombi_6-1_view001_hoodini_transparent_no-shadow-scaled.png","width":2560,"height":1441,"caption":"Compact Invoq miniCombi oven with Hoodini ventless solution, removing steam and heat without traditional hood systems for flexible kitchen installation"},{"@type":"BreadcrumbList","@id":"https:\/\/houno.com\/da\/produkter\/invoq-minicombi-hoodini\/#breadcrumb","itemListElement":[{"@type":"ListItem","position":1,"name":"Home","item":"https:\/\/houno.com\/da\/"},{"@type":"ListItem","position":2,"name":"Commercial ovens","item":"https:\/\/houno.com\/da\/produkter\/"},{"@type":"ListItem","position":3,"name":"Invoq miniCombi Hoodini: ventilationsfri emfangsl\u00f8sning"}]},{"@type":"WebSite","@id":"https:\/\/houno.com\/da\/#website","url":"https:\/\/houno.com\/da\/","name":"HOUN\u00d6","description":"Premium commercial combi and bake ovens manufacturer aims for making service simple, smart and efficient","publisher":{"@id":"https:\/\/houno.com\/da\/#organization"},"potentialAction":[{"@type":"SearchAction","target":{"@type":"EntryPoint","urlTemplate":"https:\/\/houno.com\/da\/?s={search_term_string}"},"query-input":{"@type":"PropertyValueSpecification","valueRequired":true,"valueName":"search_term_string"}}],"inLanguage":"da-DK"},{"@type":"Organization","@id":"https:\/\/houno.com\/da\/#organization","name":"HOUN\u00d6","url":"https:\/\/houno.com\/da\/","logo":{"@type":"ImageObject","inLanguage":"da-DK","@id":"https:\/\/houno.com\/da\/#\/schema\/logo\/image\/","url":"https:\/\/houno.com\/wp-content\/uploads\/2021\/08\/cropped-Houno\u00a6e_id_logo-black-e1634730012288.png","contentUrl":"https:\/\/houno.com\/wp-content\/uploads\/2021\/08\/cropped-Houno\u00a6e_id_logo-black-e1634730012288.png","width":250,"height":59,"caption":"HOUN\u00d6"},"image":{"@id":"https:\/\/houno.com\/da\/#\/schema\/logo\/image\/"},"sameAs":["https:\/\/www.facebook.com\/hounocombi","https:\/\/www.linkedin.com\/company\/houno\/"]}]}},"_links":{"self":[{"href":"https:\/\/houno.com\/da\/wp-json\/wp\/v2\/combi-ovens\/10663","targetHints":{"allow":["GET"]}}],"collection":[{"href":"https:\/\/houno.com\/da\/wp-json\/wp\/v2\/combi-ovens"}],"about":[{"href":"https:\/\/houno.com\/da\/wp-json\/wp\/v2\/types\/combi-ovens"}],"wp:featuredmedia":[{"embeddable":true,"href":"https:\/\/houno.com\/da\/wp-json\/wp\/v2\/media\/35120"}],"wp:attachment":[{"href":"https:\/\/houno.com\/da\/wp-json\/wp\/v2\/media?parent=10663"}],"wp:term":[{"taxonomy":"certifications","embeddable":true,"href":"https:\/\/houno.com\/da\/wp-json\/wp\/v2\/certifications?post=10663"},{"taxonomy":"pa_1oven","embeddable":true,"href":"https:\/\/houno.com\/da\/wp-json\/wp\/v2\/pa_1oven?post=10663"},{"taxonomy":"pa_2power","embeddable":true,"href":"https:\/\/houno.com\/da\/wp-json\/wp\/v2\/pa_2power?post=10663"},{"taxonomy":"pa_3-options","embeddable":true,"href":"https:\/\/houno.com\/da\/wp-json\/wp\/v2\/pa_3-options?post=10663"},{"taxonomy":"pa_4-advanced-solutions-cs","embeddable":true,"href":"https:\/\/houno.com\/da\/wp-json\/wp\/v2\/pa_4-advanced-solutions-cs?post=10663"},{"taxonomy":"ovens","embeddable":true,"href":"https:\/\/houno.com\/da\/wp-json\/wp\/v2\/ovens?post=10663"}],"curies":[{"name":"wp","href":"https:\/\/api.w.org\/{rel}","templated":true}]}}